{"id":14775,"date":"2025-11-20T11:31:35","date_gmt":"2025-11-20T10:31:35","guid":{"rendered":"https:\/\/www.empikfoto.pl\/blog\/empikfoto\/2025\/11\/kartka-swiateczna-ze-zdjeciem-rodzinnym.jpg"},"modified":"2025-11-20T11:40:54","modified_gmt":"2025-11-20T10:40:54","slug":"kartka-swiateczna-ze-zdjeciem-rodzinnym","status":"inherit","type":"attachment","link":"https:\/\/www.empikfoto.pl\/blog\/kartka-swiateczna-ze-zdjeciem-jak-ja-stworzyc\/kartka-swiateczna-ze-zdjeciem-rodzinnym\/","title":{"rendered":"kartka \u015bwi\u0105teczna ze zdj\u0119ciem rodzinnym"},"author":24,"featured_media":0,"comment_status":"open","ping_status":"closed","template":"","meta":[],"class_list":["post-14775","attachment","type-attachment","status-inherit","hentry"],"yoast_head":"<!-- This site is optimized with the Yoast SEO plugin v27.5 - https:\/\/yoast.com\/product\/yoast-seo-wordpress\/ -->\n<title>kartka \u015bwi\u0105teczna ze zdj\u0119ciem rodzinnym | blog.empikfoto.pl<\/title>\n<meta name=\"robots\" content=\"index, follow, max-snippet:-1, max-image-preview:large, max-video-preview:-1\" \/>\n<link rel=\"canonical\" href=\"https:\/\/www.empikfoto.pl\/blog\/empikfoto\/2025\/11\/kartka-swiateczna-ze-zdjeciem-rodzinnym-scaled.jpg\" \/>\n<meta property=\"og:locale\" content=\"pl_PL\" \/>\n<meta property=\"og:type\" content=\"article\" \/>\n<meta property=\"og:title\" content=\"kartka \u015bwi\u0105teczna ze zdj\u0119ciem rodzinnym | blog.empikfoto.pl\" \/>\n<meta property=\"og:description\" content=\"Rodzinne zdj\u0119cie z ubieg\u0142orocznych \u015bwi\u0105t lub z \u015bwi\u0105tecznej sesji zdj\u0119ciowej b\u0119dzie pi\u0119knym dope\u0142nieniem kartki z \u017cyczeniami.\" \/>\n<meta property=\"og:url\" content=\"https:\/\/www.empikfoto.pl\/blog\/empikfoto\/2025\/11\/kartka-swiateczna-ze-zdjeciem-rodzinnym-scaled.jpg\" \/>\n<meta property=\"og:site_name\" content=\"blog.empikfoto.pl\" \/>\n<meta property=\"article:publisher\" content=\"https:\/\/www.facebook.com\/empikfotopl\/\" \/>\n<meta property=\"article:modified_time\" content=\"2025-11-20T10:40:54+00:00\" \/>\n<meta property=\"og:image\" content=\"https:\/\/www.empikfoto.pl\/blog\/empikfoto\/2025\/11\/kartka-swiateczna-ze-zdjeciem-rodzinnym-scaled.jpg\" \/>\n\t<meta property=\"og:image:width\" content=\"2560\" \/>\n\t<meta property=\"og:image:height\" content=\"1702\" \/>\n\t<meta property=\"og:image:type\" content=\"image\/jpeg\" \/>\n<meta name=\"twitter:card\" content=\"summary_large_image\" \/>\n<meta name=\"twitter:site\" content=\"@empikfoto\" \/>\n<script type=\"application\/ld+json\" class=\"yoast-schema-graph\">{\"@context\":\"https:\\\/\\\/schema.org\",\"@graph\":[{\"@type\":\"WebPage\",\"@id\":\"https:\\\/\\\/www.empikfoto.pl\\\/blog\\\/empikfoto\\\/2025\\\/11\\\/kartka-swiateczna-ze-zdjeciem-rodzinnym-scaled.jpg\",\"url\":\"https:\\\/\\\/www.empikfoto.pl\\\/blog\\\/empikfoto\\\/2025\\\/11\\\/kartka-swiateczna-ze-zdjeciem-rodzinnym-scaled.jpg\",\"name\":\"kartka \u015bwi\u0105teczna ze zdj\u0119ciem rodzinnym | blog.empikfoto.pl\",\"isPartOf\":{\"@id\":\"https:\\\/\\\/www.empikfoto.pl\\\/blog\\\/#website\"},\"datePublished\":\"2025-11-20T10:31:35+00:00\",\"dateModified\":\"2025-11-20T10:40:54+00:00\",\"breadcrumb\":{\"@id\":\"https:\\\/\\\/www.empikfoto.pl\\\/blog\\\/empikfoto\\\/2025\\\/11\\\/kartka-swiateczna-ze-zdjeciem-rodzinnym-scaled.jpg#breadcrumb\"},\"inLanguage\":\"pl-PL\",\"potentialAction\":[{\"@type\":\"ReadAction\",\"target\":[\"https:\\\/\\\/www.empikfoto.pl\\\/blog\\\/empikfoto\\\/2025\\\/11\\\/kartka-swiateczna-ze-zdjeciem-rodzinnym-scaled.jpg\"]}]},{\"@type\":\"BreadcrumbList\",\"@id\":\"https:\\\/\\\/www.empikfoto.pl\\\/blog\\\/empikfoto\\\/2025\\\/11\\\/kartka-swiateczna-ze-zdjeciem-rodzinnym-scaled.jpg#breadcrumb\",\"itemListElement\":[{\"@type\":\"ListItem\",\"position\":1,\"name\":\"Strona g\u0142\u00f3wna\",\"item\":\"https:\\\/\\\/www.empikfoto.pl\\\/blog\\\/\"},{\"@type\":\"ListItem\",\"position\":2,\"name\":\"Kartka \u015bwi\u0105teczna ze zdj\u0119ciem &#8211; jak j\u0105 stworzy\u0107?\",\"item\":\"https:\\\/\\\/www.empikfoto.pl\\\/blog\\\/kartka-swiateczna-ze-zdjeciem-jak-ja-stworzyc\\\/\"},{\"@type\":\"ListItem\",\"position\":3,\"name\":\"kartka \u015bwi\u0105teczna ze zdj\u0119ciem rodzinnym\"}]},{\"@type\":\"WebSite\",\"@id\":\"https:\\\/\\\/www.empikfoto.pl\\\/blog\\\/#website\",\"url\":\"https:\\\/\\\/www.empikfoto.pl\\\/blog\\\/\",\"name\":\"blog.empikfoto.pl\",\"description\":\"Poznaj empikfoto.pl od \u015brodka! Dowiedz si\u0119 wi\u0119cej o odbitkach, fotoksi\u0105\u017ckach i fotografii.\",\"potentialAction\":[{\"@type\":\"SearchAction\",\"target\":{\"@type\":\"EntryPoint\",\"urlTemplate\":\"https:\\\/\\\/www.empikfoto.pl\\\/blog\\\/?s={search_term_string}\"},\"query-input\":{\"@type\":\"PropertyValueSpecification\",\"valueRequired\":true,\"valueName\":\"search_term_string\"}}],\"inLanguage\":\"pl-PL\"}]}<\/script>\n<!-- \/ Yoast SEO plugin. -->","yoast_head_json":{"title":"kartka \u015bwi\u0105teczna ze zdj\u0119ciem rodzinnym | blog.empikfoto.pl","robots":{"index":"index","follow":"follow","max-snippet":"max-snippet:-1","max-image-preview":"max-image-preview:large","max-video-preview":"max-video-preview:-1"},"canonical":"https:\/\/www.empikfoto.pl\/blog\/empikfoto\/2025\/11\/kartka-swiateczna-ze-zdjeciem-rodzinnym-scaled.jpg","og_locale":"pl_PL","og_type":"article","og_title":"kartka \u015bwi\u0105teczna ze zdj\u0119ciem rodzinnym | blog.empikfoto.pl","og_description":"Rodzinne zdj\u0119cie z ubieg\u0142orocznych \u015bwi\u0105t lub z \u015bwi\u0105tecznej sesji zdj\u0119ciowej b\u0119dzie pi\u0119knym dope\u0142nieniem kartki z \u017cyczeniami.","og_url":"https:\/\/www.empikfoto.pl\/blog\/empikfoto\/2025\/11\/kartka-swiateczna-ze-zdjeciem-rodzinnym-scaled.jpg","og_site_name":"blog.empikfoto.pl","article_publisher":"https:\/\/www.facebook.com\/empikfotopl\/","article_modified_time":"2025-11-20T10:40:54+00:00","og_image":[{"width":2560,"height":1702,"url":"https:\/\/www.empikfoto.pl\/blog\/empikfoto\/2025\/11\/kartka-swiateczna-ze-zdjeciem-rodzinnym-scaled.jpg","type":"image\/jpeg"}],"twitter_card":"summary_large_image","twitter_site":"@empikfoto","schema":{"@context":"https:\/\/schema.org","@graph":[{"@type":"WebPage","@id":"https:\/\/www.empikfoto.pl\/blog\/empikfoto\/2025\/11\/kartka-swiateczna-ze-zdjeciem-rodzinnym-scaled.jpg","url":"https:\/\/www.empikfoto.pl\/blog\/empikfoto\/2025\/11\/kartka-swiateczna-ze-zdjeciem-rodzinnym-scaled.jpg","name":"kartka \u015bwi\u0105teczna ze zdj\u0119ciem rodzinnym | blog.empikfoto.pl","isPartOf":{"@id":"https:\/\/www.empikfoto.pl\/blog\/#website"},"datePublished":"2025-11-20T10:31:35+00:00","dateModified":"2025-11-20T10:40:54+00:00","breadcrumb":{"@id":"https:\/\/www.empikfoto.pl\/blog\/empikfoto\/2025\/11\/kartka-swiateczna-ze-zdjeciem-rodzinnym-scaled.jpg#breadcrumb"},"inLanguage":"pl-PL","potentialAction":[{"@type":"ReadAction","target":["https:\/\/www.empikfoto.pl\/blog\/empikfoto\/2025\/11\/kartka-swiateczna-ze-zdjeciem-rodzinnym-scaled.jpg"]}]},{"@type":"BreadcrumbList","@id":"https:\/\/www.empikfoto.pl\/blog\/empikfoto\/2025\/11\/kartka-swiateczna-ze-zdjeciem-rodzinnym-scaled.jpg#breadcrumb","itemListElement":[{"@type":"ListItem","position":1,"name":"Strona g\u0142\u00f3wna","item":"https:\/\/www.empikfoto.pl\/blog\/"},{"@type":"ListItem","position":2,"name":"Kartka \u015bwi\u0105teczna ze zdj\u0119ciem &#8211; jak j\u0105 stworzy\u0107?","item":"https:\/\/www.empikfoto.pl\/blog\/kartka-swiateczna-ze-zdjeciem-jak-ja-stworzyc\/"},{"@type":"ListItem","position":3,"name":"kartka \u015bwi\u0105teczna ze zdj\u0119ciem rodzinnym"}]},{"@type":"WebSite","@id":"https:\/\/www.empikfoto.pl\/blog\/#website","url":"https:\/\/www.empikfoto.pl\/blog\/","name":"blog.empikfoto.pl","description":"Poznaj empikfoto.pl od \u015brodka! Dowiedz si\u0119 wi\u0119cej o odbitkach, fotoksi\u0105\u017ckach i fotografii.","potentialAction":[{"@type":"SearchAction","target":{"@type":"EntryPoint","urlTemplate":"https:\/\/www.empikfoto.pl\/blog\/?s={search_term_string}"},"query-input":{"@type":"PropertyValueSpecification","valueRequired":true,"valueName":"search_term_string"}}],"inLanguage":"pl-PL"}]}},"description":{"rendered":"<p class=\"attachment\"><a href='https:\/\/www.empikfoto.pl\/blog\/empikfoto\/2025\/11\/kartka-swiateczna-ze-zdjeciem-rodzinnym-scaled.jpg'><img loading=\"lazy\" decoding=\"async\" width=\"300\" height=\"199\" src=\"https:\/\/www.empikfoto.pl\/blog\/empikfoto\/2025\/11\/kartka-swiateczna-ze-zdjeciem-rodzinnym-300x199.jpg\" class=\"attachment-medium size-medium\" alt=\"personalizowana kartka \u015bwi\u0105teczna ze zdj\u0119ciem\" srcset=\"https:\/\/www.empikfoto.pl\/blog\/empikfoto\/2025\/11\/kartka-swiateczna-ze-zdjeciem-rodzinnym-300x199.jpg 300w, https:\/\/www.empikfoto.pl\/blog\/empikfoto\/2025\/11\/kartka-swiateczna-ze-zdjeciem-rodzinnym-1024x681.jpg 1024w, https:\/\/www.empikfoto.pl\/blog\/empikfoto\/2025\/11\/kartka-swiateczna-ze-zdjeciem-rodzinnym-768x511.jpg 768w, https:\/\/www.empikfoto.pl\/blog\/empikfoto\/2025\/11\/kartka-swiateczna-ze-zdjeciem-rodzinnym-1536x1021.jpg 1536w, https:\/\/www.empikfoto.pl\/blog\/empikfoto\/2025\/11\/kartka-swiateczna-ze-zdjeciem-rodzinnym-2048x1362.jpg 2048w, https:\/\/www.empikfoto.pl\/blog\/empikfoto\/2025\/11\/kartka-swiateczna-ze-zdjeciem-rodzinnym-330x220.jpg 330w, https:\/\/www.empikfoto.pl\/blog\/empikfoto\/2025\/11\/kartka-swiateczna-ze-zdjeciem-rodzinnym-400x266.jpg 400w\" sizes=\"auto, (max-width: 300px) 100vw, 300px\" \/><\/a><\/p>\n"},"caption":{"rendered":"<p>Rodzinne zdj\u0119cie z ubieg\u0142orocznych \u015bwi\u0105t lub z \u015bwi\u0105tecznej sesji zdj\u0119ciowej b\u0119dzie pi\u0119knym dope\u0142nieniem kartki z \u017cyczeniami.<\/p>\n"},"alt_text":"personalizowana kartka \u015bwi\u0105teczna ze zdj\u0119ciem","media_type":"image","mime_type":"image\/jpeg","media_details":{"width":2560,"height":1702,"file":"2025\/11\/kartka-swiateczna-ze-zdjeciem-rodzinnym-scaled.jpg","filesize":258899,"sizes":{"medium":{"file":"kartka-swiateczna-ze-zdjeciem-rodzinnym-300x199.jpg","width":300,"height":199,"filesize":7315,"mime_type":"image\/jpeg","source_url":"https:\/\/www.empikfoto.pl\/blog\/empikfoto\/2025\/11\/kartka-swiateczna-ze-zdjeciem-rodzinnym-300x199.jpg"},"large":{"file":"kartka-swiateczna-ze-zdjeciem-rodzinnym-1024x681.jpg","width":1024,"height":681,"filesize":52615,"mime_type":"image\/jpeg","source_url":"https:\/\/www.empikfoto.pl\/blog\/empikfoto\/2025\/11\/kartka-swiateczna-ze-zdjeciem-rodzinnym-1024x681.jpg"},"thumbnail":{"file":"kartka-swiateczna-ze-zdjeciem-rodzinnym-150x150.jpg","width":150,"height":150,"filesize":4579,"mime_type":"image\/jpeg","source_url":"https:\/\/www.empikfoto.pl\/blog\/empikfoto\/2025\/11\/kartka-swiateczna-ze-zdjeciem-rodzinnym-150x150.jpg"},"medium_large":{"file":"kartka-swiateczna-ze-zdjeciem-rodzinnym-768x511.jpg","width":768,"height":511,"filesize":32071,"mime_type":"image\/jpeg","source_url":"https:\/\/www.empikfoto.pl\/blog\/empikfoto\/2025\/11\/kartka-swiateczna-ze-zdjeciem-rodzinnym-768x511.jpg"},"1536x1536":{"file":"kartka-swiateczna-ze-zdjeciem-rodzinnym-1536x1021.jpg","width":1536,"height":1021,"filesize":107319,"mime_type":"image\/jpeg","source_url":"https:\/\/www.empikfoto.pl\/blog\/empikfoto\/2025\/11\/kartka-swiateczna-ze-zdjeciem-rodzinnym-1536x1021.jpg"},"2048x2048":{"file":"kartka-swiateczna-ze-zdjeciem-rodzinnym-2048x1362.jpg","width":2048,"height":1362,"filesize":176941,"mime_type":"image\/jpeg","source_url":"https:\/\/www.empikfoto.pl\/blog\/empikfoto\/2025\/11\/kartka-swiateczna-ze-zdjeciem-rodzinnym-2048x1362.jpg"},"elise_110_80":{"file":"kartka-swiateczna-ze-zdjeciem-rodzinnym-110x80.jpg","width":110,"height":80,"filesize":2321,"mime_type":"image\/jpeg","source_url":"https:\/\/www.empikfoto.pl\/blog\/empikfoto\/2025\/11\/kartka-swiateczna-ze-zdjeciem-rodzinnym-110x80.jpg"},"elise_690_395":{"file":"kartka-swiateczna-ze-zdjeciem-rodzinnym-690x395.jpg","width":690,"height":395,"filesize":25477,"mime_type":"image\/jpeg","source_url":"https:\/\/www.empikfoto.pl\/blog\/empikfoto\/2025\/11\/kartka-swiateczna-ze-zdjeciem-rodzinnym-690x395.jpg"},"elise_330_220":{"file":"kartka-swiateczna-ze-zdjeciem-rodzinnym-330x220.jpg","width":330,"height":220,"filesize":8454,"mime_type":"image\/jpeg","source_url":"https:\/\/www.empikfoto.pl\/blog\/empikfoto\/2025\/11\/kartka-swiateczna-ze-zdjeciem-rodzinnym-330x220.jpg"},"elise_630_400":{"file":"kartka-swiateczna-ze-zdjeciem-rodzinnym-630x400.jpg","width":630,"height":400,"filesize":22784,"mime_type":"image\/jpeg","source_url":"https:\/\/www.empikfoto.pl\/blog\/empikfoto\/2025\/11\/kartka-swiateczna-ze-zdjeciem-rodzinnym-630x400.jpg"},"elise_568_460":{"file":"kartka-swiateczna-ze-zdjeciem-rodzinnym-568x460.jpg","width":568,"height":460,"filesize":25946,"mime_type":"image\/jpeg","source_url":"https:\/\/www.empikfoto.pl\/blog\/empikfoto\/2025\/11\/kartka-swiateczna-ze-zdjeciem-rodzinnym-568x460.jpg"},"elise_569_259":{"file":"kartka-swiateczna-ze-zdjeciem-rodzinnym-569x259.jpg","width":569,"height":259,"filesize":16876,"mime_type":"image\/jpeg","source_url":"https:\/\/www.empikfoto.pl\/blog\/empikfoto\/2025\/11\/kartka-swiateczna-ze-zdjeciem-rodzinnym-569x259.jpg"},"elise_283_198":{"file":"kartka-swiateczna-ze-zdjeciem-rodzinnym-283x198.jpg","width":283,"height":198,"filesize":7203,"mime_type":"image\/jpeg","source_url":"https:\/\/www.empikfoto.pl\/blog\/empikfoto\/2025\/11\/kartka-swiateczna-ze-zdjeciem-rodzinnym-283x198.jpg"},"elise_900_500":{"file":"kartka-swiateczna-ze-zdjeciem-rodzinnym-900x500.jpg","width":900,"height":500,"filesize":39022,"mime_type":"image\/jpeg","source_url":"https:\/\/www.empikfoto.pl\/blog\/empikfoto\/2025\/11\/kartka-swiateczna-ze-zdjeciem-rodzinnym-900x500.jpg"},"elise_750_375":{"file":"kartka-swiateczna-ze-zdjeciem-rodzinnym-750x375.jpg","width":750,"height":375,"filesize":27788,"mime_type":"image\/jpeg","source_url":"https:\/\/www.empikfoto.pl\/blog\/empikfoto\/2025\/11\/kartka-swiateczna-ze-zdjeciem-rodzinnym-750x375.jpg"},"elise_auto-size":{"file":"kartka-swiateczna-ze-zdjeciem-rodzinnym-400x266.jpg","width":400,"height":266,"filesize":11252,"mime_type":"image\/jpeg","source_url":"https:\/\/www.empikfoto.pl\/blog\/empikfoto\/2025\/11\/kartka-swiateczna-ze-zdjeciem-rodzinnym-400x266.jpg"},"elise_400_550":{"file":"kartka-swiateczna-ze-zdjeciem-rodzinnym-400x550.jpg","width":400,"height":550,"filesize":25619,"mime_type":"image\/jpeg","source_url":"https:\/\/www.empikfoto.pl\/blog\/empikfoto\/2025\/11\/kartka-swiateczna-ze-zdjeciem-rodzinnym-400x550.jpg"},"elise_690_530":{"file":"kartka-swiateczna-ze-zdjeciem-rodzinnym-690x530.jpg","width":690,"height":530,"filesize":33554,"mime_type":"image\/jpeg","source_url":"https:\/\/www.empikfoto.pl\/blog\/empikfoto\/2025\/11\/kartka-swiateczna-ze-zdjeciem-rodzinnym-690x530.jpg"},"elise_400_400":{"file":"kartka-swiateczna-ze-zdjeciem-rodzinnym-400x400.jpg","width":400,"height":400,"filesize":19465,"mime_type":"image\/jpeg","source_url":"https:\/\/www.empikfoto.pl\/blog\/empikfoto\/2025\/11\/kartka-swiateczna-ze-zdjeciem-rodzinnym-400x400.jpg"},"full":{"file":"kartka-swiateczna-ze-zdjeciem-rodzinnym-scaled.jpg","width":2560,"height":1702,"mime_type":"image\/jpeg","source_url":"https:\/\/www.empikfoto.pl\/blog\/empikfoto\/2025\/11\/kartka-swiateczna-ze-zdjeciem-rodzinnym-scaled.jpg"}},"image_meta":{"aperture":"0","credit":"","camera":"","caption":"","created_timestamp":"1698756553","copyright":"","focal_length":"0","iso":"0","shutter_speed":"0","title":"","orientation":"1","keywords":[]},"original_image":"kartka-swiateczna-ze-zdjeciem-rodzinnym.jpg"},"post":14770,"source_url":"https:\/\/www.empikfoto.pl\/blog\/empikfoto\/2025\/11\/kartka-swiateczna-ze-zdjeciem-rodzinnym-scaled.jpg","_links":{"self":[{"href":"https:\/\/www.empikfoto.pl\/blog\/wp-json\/wp\/v2\/media\/14775","targetHints":{"allow":["GET"]}}],"collection":[{"href":"https:\/\/www.empikfoto.pl\/blog\/wp-json\/wp\/v2\/media"}],"about":[{"href":"https:\/\/www.empikfoto.pl\/blog\/wp-json\/wp\/v2\/types\/attachment"}],"author":[{"embeddable":true,"href":"https:\/\/www.empikfoto.pl\/blog\/wp-json\/wp\/v2\/users\/24"}],"replies":[{"embeddable":true,"href":"https:\/\/www.empikfoto.pl\/blog\/wp-json\/wp\/v2\/comments?post=14775"}]}}